{"id":12417,"date":"2026-08-19T22:19:43","date_gmt":"2026-08-20T01:19:43","guid":{"rendered":"https:\/\/ramossilva.adv.br\/?page_id=12417"},"modified":"2026-08-19T22:24:50","modified_gmt":"2026-08-20T01:24:50","slug":"caio-cesar-ferreira","status":"publish","type":"page","link":"https:\/\/ramossilva.adv.br\/en\/caio-cesar-ferreira\/","title":{"rendered":"Caio C\u00e9sar Ferreira"},"content":{"rendered":"<div data-elementor-type=\"wp-page\" data-elementor-id=\"12417\" class=\"elementor elementor-12417\">\n\t\t\t\t<div class=\"elementor-element elementor-element-9acfa95 e-con-full header_4_banner e-flex e-con e-parent\" data-id=\"9acfa95\" data-element_type=\"container\" data-e-type=\"container\" data-settings=\"{&quot;background_background&quot;:&quot;classic&quot;}\">\n\t\t<div class=\"elementor-element elementor-element-70b1720d e-con-full e-flex e-con e-child\" data-id=\"70b1720d\" data-element_type=\"container\" data-e-type=\"container\" data-settings=\"{&quot;background_background&quot;:&quot;classic&quot;}\">\n\t\t<div class=\"elementor-element elementor-element-2d4e62e7 e-con-full e-flex e-con e-child\" data-id=\"2d4e62e7\" data-element_type=\"container\" data-e-type=\"container\">\n\t\t\t\t<div class=\"elementor-element elementor-element-32a04da7 rr-title-anim elementor-widget__width-inherit elementor-widget elementor-widget-heading\" data-id=\"32a04da7\" data-element_type=\"widget\" data-e-type=\"widget\" data-widget_type=\"heading.default\">\n\t\t\t\t\t<h1 class=\"elementor-heading-title elementor-size-default\">Perfil Profissional<\/h1>\t\t\t\t<\/div>\n\t\t\t\t<div class=\"elementor-element elementor-element-25b937f4 elementor-widget__width-inherit elementor-invisible elementor-widget elementor-widget-text-editor\" data-id=\"25b937f4\" data-element_type=\"widget\" data-e-type=\"widget\" data-settings=\"{&quot;_animation&quot;:&quot;fadeIn&quot;}\" data-widget_type=\"text-editor.default\">\n\t\t\t\t\t\t\t\t\t<p>Caio C\u00e9sar Ferreira<\/p>\t\t\t\t\t\t\t\t<\/div>\n\t\t\t\t<\/div>\n\t\t\t\t<\/div>\n\t\t\t\t<\/div>\n\t\t<div class=\"elementor-element elementor-element-a7c54e0 e-con-full e-flex e-con e-parent\" data-id=\"a7c54e0\" data-element_type=\"container\" data-e-type=\"container\" data-settings=\"{&quot;background_background&quot;:&quot;classic&quot;}\">\n\t\t<div class=\"elementor-element elementor-element-996db2a e-flex e-con-boxed e-con e-child\" data-id=\"996db2a\" data-element_type=\"container\" data-e-type=\"container\">\n\t\t\t\t\t<div class=\"e-con-inner\">\n\t\t<div class=\"elementor-element elementor-element-4c5420e e-con-full e-flex e-con e-child\" data-id=\"4c5420e\" data-element_type=\"container\" data-e-type=\"container\">\n\t\t\t\t<div class=\"elementor-element elementor-element-4696e12 elementor-widget elementor-widget-stravise_image\" data-id=\"4696e12\" data-element_type=\"widget\" data-e-type=\"widget\" data-widget_type=\"stravise_image.default\">\n\t\t\t\t<div class=\"elementor-widget-container\">\n\t\t\t\t\t\r\n\t\t\t\r\n\t\t\t\t\t\t\t\t\t<div class=\"best-strategy__thumb\">\r\n\t\t\t\t\t\t<img decoding=\"async\" class=\"img-custom-anim-img\" src=\"https:\/\/ramossilva.adv.br\/wp-content\/uploads\/2026\/08\/Caio-C-Ferreira.webp\" alt=\"\">\r\n\t\t\t\t\t<\/div>\r\n\t\t\t\t\r\n\t\t\t\t\t\t\t<\/div>\n\t\t\t\t<\/div>\n\t\t\t\t<\/div>\n\t\t<div class=\"elementor-element elementor-element-67f32ed e-con-full e-flex e-con e-child\" data-id=\"67f32ed\" data-element_type=\"container\" data-e-type=\"container\">\n\t\t\t\t<div class=\"elementor-element elementor-element-67ff1c8 elementor-widget elementor-widget-heading\" data-id=\"67ff1c8\" data-element_type=\"widget\" data-e-type=\"widget\" data-widget_type=\"heading.default\">\n\t\t\t\t\t<p class=\"elementor-heading-title elementor-size-default\">Advogado<\/p>\t\t\t\t<\/div>\n\t\t\t\t<div class=\"elementor-element elementor-element-231d6a4 rr-title-anim elementor-widget elementor-widget-heading\" data-id=\"231d6a4\" data-element_type=\"widget\" data-e-type=\"widget\" data-widget_type=\"heading.default\">\n\t\t\t\t\t<h2 class=\"elementor-heading-title elementor-size-default\">Caio C\u00e9sar Ferreira<\/h2>\t\t\t\t<\/div>\n\t\t\t\t<div class=\"elementor-element elementor-element-0c7f4e9 elementor-invisible elementor-widget elementor-widget-text-editor\" data-id=\"0c7f4e9\" data-element_type=\"widget\" data-e-type=\"widget\" data-settings=\"{&quot;_animation&quot;:&quot;fadeInUp&quot;}\" data-widget_type=\"text-editor.default\">\n\t\t\t\t\t\t\t\t\t<p>Advogado pelo Centro Universit\u00e1rio Una. Atuante nas \u00e1reas do Direito Civil, Empresarial, Tribut\u00e1rio e Trabalhista.<\/p>\t\t\t\t\t\t\t\t<\/div>\n\t\t<div class=\"elementor-element elementor-element-c18b41d e-con-full e-flex elementor-invisible e-con e-child\" data-id=\"c18b41d\" data-element_type=\"container\" data-e-type=\"container\" data-settings=\"{&quot;animation&quot;:&quot;fadeInUp&quot;}\">\n\t\t<div class=\"elementor-element elementor-element-432289b e-con-full e-flex e-con e-child\" data-id=\"432289b\" data-element_type=\"container\" data-e-type=\"container\">\n\t\t\t\t<div class=\"elementor-element elementor-element-2029249 fade-top elementor-widget__width-initial elementor-widget-widescreen__width-initial elementor-widget-laptop__width-auto elementor-invisible elementor-widget elementor-widget-stravise-theme-button\" data-id=\"2029249\" data-element_type=\"widget\" data-e-type=\"widget\" data-settings=\"{&quot;_animation&quot;:&quot;fadeInUp&quot;}\" data-widget_type=\"stravise-theme-button.default\">\n\t\t\t\t<div class=\"elementor-widget-container\">\n\t\t\t\t\t\r\n\t\t\r\n\t\t\t\t\t\t<div class=\"banner-section__btn fade-top\">\r\n\t\t\t\t<a target=\"_self\" rel=\"nofollow\" href=\"https:\/\/ramossilva.adv.br\/en\/quem_somos\/\" class=\"rr-btn hover-anim\">Quem Somos\t\t\t\t \r\n\t\t\t\t\t    \t\t\t\t\t<i aria-hidden=\"true\" class=\"fa-light fa-angle-right\"><\/i>\t\t\t\t\t\t\t\t\t\t\t\t\t<span class=\"hover-bg\"><\/span>\r\n\t\t\t\t<\/a>\r\n\t\t\t<\/div>\r\n\t\t\t\r\n\t\t\r\n\t\t\t\t\t\t<\/div>\n\t\t\t\t<\/div>\n\t\t\t\t<div class=\"elementor-element elementor-element-d989937 fade-top elementor-widget__width-initial elementor-widget-widescreen__width-initial elementor-widget-laptop__width-auto elementor-invisible elementor-widget elementor-widget-stravise-theme-button\" data-id=\"d989937\" data-element_type=\"widget\" data-e-type=\"widget\" data-settings=\"{&quot;_animation&quot;:&quot;fadeInUp&quot;}\" data-widget_type=\"stravise-theme-button.default\">\n\t\t\t\t<div class=\"elementor-widget-container\">\n\t\t\t\t\t\r\n\t\t\r\n\t\t\t\t\t\t<div class=\"banner-section__btn fade-top\">\r\n\t\t\t\t<a target=\"_self\" rel=\"nofollow\" href=\"https:\/\/ramossilva.adv.br\/en\/equipe\/\" class=\"rr-btn hover-anim\">Equipe\t\t\t\t \r\n\t\t\t\t\t    \t\t\t\t\t<i aria-hidden=\"true\" class=\"fa-light fa-angle-right\"><\/i>\t\t\t\t\t\t\t\t\t\t\t\t\t<span class=\"hover-bg\"><\/span>\r\n\t\t\t\t<\/a>\r\n\t\t\t<\/div>\r\n\t\t\t\r\n\t\t\r\n\t\t\t\t\t\t<\/div>\n\t\t\t\t<\/div>\n\t\t\t\t<div class=\"elementor-element elementor-element-ce84ba6 fade-top elementor-widget__width-initial elementor-widget-widescreen__width-initial elementor-widget-laptop__width-auto elementor-invisible elementor-widget elementor-widget-stravise-theme-button\" data-id=\"ce84ba6\" data-element_type=\"widget\" data-e-type=\"widget\" data-settings=\"{&quot;_animation&quot;:&quot;fadeInUp&quot;}\" data-widget_type=\"stravise-theme-button.default\">\n\t\t\t\t<div class=\"elementor-widget-container\">\n\t\t\t\t\t\r\n\t\t\r\n\t\t\t\t\t\t<div class=\"banner-section__btn fade-top\">\r\n\t\t\t\t<a target=\"_self\" rel=\"nofollow\" href=\"https:\/\/ramossilva.adv.br\/en\/contato\/\" class=\"rr-btn hover-anim\">Fale conosco\t\t\t\t \r\n\t\t\t\t\t    \t\t\t\t\t<i aria-hidden=\"true\" class=\"fa-light fa-angle-right\"><\/i>\t\t\t\t\t\t\t\t\t\t\t\t\t<span class=\"hover-bg\"><\/span>\r\n\t\t\t\t<\/a>\r\n\t\t\t<\/div>\r\n\t\t\t\r\n\t\t\r\n\t\t\t\t\t\t<\/div>\n\t\t\t\t<\/div>\n\t\t\t\t<\/div>\n\t\t\t\t<\/div>\n\t\t\t\t<\/div>\n\t\t\t\t\t<\/div>\n\t\t\t\t<\/div>\n\t\t\t\t<\/div>\n\t\t<div class=\"elementor-element elementor-element-4fc1d357 e-con-full e-flex e-con e-parent\" data-id=\"4fc1d357\" data-element_type=\"container\" data-e-type=\"container\">\n\t\t\t\t<\/div>\n\t\t\t\t<\/div>","protected":false},"excerpt":{"rendered":"<p>Perfil Profissional Caio C\u00e9sar Ferreira Advogado Caio C\u00e9sar Ferreira Advogado pelo Centro Universit\u00e1rio Una. Atuante nas \u00e1reas do Direito Civil, Empresarial, Tribut\u00e1rio e Trabalhista. Quem Somos Equipe Fale conosco<\/p>","protected":false},"author":1,"featured_media":0,"parent":0,"menu_order":0,"comment_status":"closed","ping_status":"closed","template":"elementor_header_footer","meta":{"_monsterinsights_skip_tracking":false,"footnotes":""},"class_list":["post-12417","page","type-page","status-publish","hentry"],"aioseo_notices":[],"aioseo_head":"\n\t\t<!-- All in One SEO 5.0.1.1 - aioseo.com -->\n\t<meta name=\"description\" content=\"Perfil Profissional Caio C\u00e9sar Ferreira Advogado Caio C\u00e9sar Ferreira Advogado pelo Centro Universit\u00e1rio Una. Atuante nas \u00e1reas do Direito Civil, Empresarial, Tribut\u00e1rio e Trabalhista. Quem Somos Equipe Fale conosco\" \/>\n\t<meta name=\"robots\" content=\"max-image-preview:large\" \/>\n\t<link rel=\"canonical\" href=\"https:\/\/ramossilva.adv.br\/en\/caio-cesar-ferreira\/\" \/>\n\t<meta name=\"generator\" content=\"All in One SEO (AIOSEO) 5.0.1.1\" \/>\n\t\t<meta property=\"og:locale\" content=\"en_US\" \/>\n\t\t<meta property=\"og:site_name\" content=\"Ramos Silva Advocacia Empresarial - Ramos Silva Advocacia Empresarial Jur\u00eddico estrat\u00e9gico para empresas em crescimento\" \/>\n\t\t<meta property=\"og:type\" content=\"article\" \/>\n\t\t<meta property=\"og:title\" content=\"Caio C\u00e9sar Ferreira - Ramos Silva Advocacia Empresarial\" \/>\n\t\t<meta property=\"og:description\" content=\"Perfil Profissional Caio C\u00e9sar Ferreira Advogado Caio C\u00e9sar Ferreira Advogado pelo Centro Universit\u00e1rio Una. Atuante nas \u00e1reas do Direito Civil, Empresarial, Tribut\u00e1rio e Trabalhista. Quem Somos Equipe Fale conosco\" \/>\n\t\t<meta property=\"og:url\" content=\"https:\/\/ramossilva.adv.br\/en\/caio-cesar-ferreira\/\" \/>\n\t\t<meta property=\"og:image\" content=\"https:\/\/ramossilva.adv.br\/wp-content\/uploads\/2025\/10\/cropped-Logo-Ramos-Silva-Advogados-small.webp\" \/>\n\t\t<meta property=\"og:image:secure_url\" content=\"https:\/\/ramossilva.adv.br\/wp-content\/uploads\/2025\/10\/cropped-Logo-Ramos-Silva-Advogados-small.webp\" \/>\n\t\t<meta property=\"article:published_time\" content=\"2026-08-20T01:19:43+00:00\" \/>\n\t\t<meta property=\"article:modified_time\" content=\"2026-08-20T01:24:50+00:00\" \/>\n\t\t<meta name=\"twitter:card\" content=\"summary_large_image\" \/>\n\t\t<meta name=\"twitter:title\" content=\"Caio C\u00e9sar Ferreira - Ramos Silva Advocacia Empresarial\" \/>\n\t\t<meta name=\"twitter:description\" content=\"Perfil Profissional Caio C\u00e9sar Ferreira Advogado Caio C\u00e9sar Ferreira Advogado pelo Centro Universit\u00e1rio Una. Atuante nas \u00e1reas do Direito Civil, Empresarial, Tribut\u00e1rio e Trabalhista. Quem Somos Equipe Fale conosco\" \/>\n\t\t<meta name=\"twitter:image\" content=\"https:\/\/ramossilva.adv.br\/wp-content\/uploads\/2025\/10\/cropped-Logo-Ramos-Silva-Advogados-small.webp\" \/>\n\t\t<script type=\"application\/ld+json\" class=\"aioseo-schema\">\n\t\t\t{\"@context\":\"https:\\\/\\\/schema.org\",\"@graph\":[{\"@type\":\"BreadcrumbList\",\"@id\":\"https:\\\/\\\/ramossilva.adv.br\\\/en\\\/caio-cesar-ferreira\\\/#breadcrumblist\",\"itemListElement\":[{\"@type\":\"ListItem\",\"@id\":\"https:\\\/\\\/ramossilva.adv.br\\\/en#listItem\",\"position\":1,\"name\":\"Home\",\"item\":\"https:\\\/\\\/ramossilva.adv.br\\\/en\",\"nextItem\":{\"@type\":\"ListItem\",\"@id\":\"https:\\\/\\\/ramossilva.adv.br\\\/en\\\/caio-cesar-ferreira\\\/#listItem\",\"name\":\"Caio C\\u00e9sar Ferreira\"}},{\"@type\":\"ListItem\",\"@id\":\"https:\\\/\\\/ramossilva.adv.br\\\/en\\\/caio-cesar-ferreira\\\/#listItem\",\"position\":2,\"name\":\"Caio C\\u00e9sar Ferreira\",\"previousItem\":{\"@type\":\"ListItem\",\"@id\":\"https:\\\/\\\/ramossilva.adv.br\\\/en#listItem\",\"name\":\"Home\"}}]},{\"@type\":\"Organization\",\"@id\":\"https:\\\/\\\/ramossilva.adv.br\\\/en\\\/#organization\",\"name\":\"Ramos Silva Advocacia Empresarial\",\"description\":\"Ramos Silva Advocacia Empresarial Jur\\u00eddico estrat\\u00e9gico para empresas em crescimento\",\"url\":\"https:\\\/\\\/ramossilva.adv.br\\\/en\\\/\",\"logo\":{\"@type\":\"ImageObject\",\"url\":\"https:\\\/\\\/ramossilva.adv.br\\\/wp-content\\\/uploads\\\/2025\\\/10\\\/cropped-Logo-Ramos-Silva-Advogados-small.webp\",\"@id\":\"https:\\\/\\\/ramossilva.adv.br\\\/en\\\/caio-cesar-ferreira\\\/#organizationLogo\",\"width\":250,\"height\":53},\"image\":{\"@id\":\"https:\\\/\\\/ramossilva.adv.br\\\/en\\\/caio-cesar-ferreira\\\/#organizationLogo\"}},{\"@type\":\"WebPage\",\"@id\":\"https:\\\/\\\/ramossilva.adv.br\\\/en\\\/caio-cesar-ferreira\\\/#webpage\",\"url\":\"https:\\\/\\\/ramossilva.adv.br\\\/en\\\/caio-cesar-ferreira\\\/\",\"name\":\"Caio C\\u00e9sar Ferreira - Ramos Silva Advocacia Empresarial\",\"description\":\"Perfil Profissional Caio C\\u00e9sar Ferreira Advogado Caio C\\u00e9sar Ferreira Advogado pelo Centro Universit\\u00e1rio Una. Atuante nas \\u00e1reas do Direito Civil, Empresarial, Tribut\\u00e1rio e Trabalhista. Quem Somos Equipe Fale conosco\",\"inLanguage\":\"en-US\",\"isPartOf\":{\"@id\":\"https:\\\/\\\/ramossilva.adv.br\\\/en\\\/#website\"},\"breadcrumb\":{\"@id\":\"https:\\\/\\\/ramossilva.adv.br\\\/en\\\/caio-cesar-ferreira\\\/#breadcrumblist\"},\"datePublished\":\"2026-08-19T22:19:43-03:00\",\"dateModified\":\"2026-08-19T22:24:50-03:00\"},{\"@type\":\"WebSite\",\"@id\":\"https:\\\/\\\/ramossilva.adv.br\\\/en\\\/#website\",\"url\":\"https:\\\/\\\/ramossilva.adv.br\\\/en\\\/\",\"name\":\"Ramos Silva Advocacia Empresarial\",\"description\":\"Ramos Silva Advocacia Empresarial Jur\\u00eddico estrat\\u00e9gico para empresas em crescimento\",\"inLanguage\":\"en-US\",\"publisher\":{\"@id\":\"https:\\\/\\\/ramossilva.adv.br\\\/en\\\/#organization\"}}]}\n\t\t<\/script>\n\t\t<!-- All in One SEO -->\n\n","aioseo_head_json":{"title":"Caio C\u00e9sar Ferreira - Ramos Silva Advocacia Empresarial","description":"Perfil Profissional Caio C\u00e9sar Ferreira Advogado Caio C\u00e9sar Ferreira Advogado pelo Centro Universit\u00e1rio Una. Atuante nas \u00e1reas do Direito Civil, Empresarial, Tribut\u00e1rio e Trabalhista. Quem Somos Equipe Fale conosco","canonical_url":"https:\/\/ramossilva.adv.br\/en\/caio-cesar-ferreira\/","robots":"max-image-preview:large","keywords":"","webmasterTools":{"miscellaneous":""},"schema":{"@context":"https:\/\/schema.org","@graph":[{"@type":"BreadcrumbList","@id":"https:\/\/ramossilva.adv.br\/en\/caio-cesar-ferreira\/#breadcrumblist","itemListElement":[{"@type":"ListItem","@id":"https:\/\/ramossilva.adv.br\/en#listItem","position":1,"name":"Home","item":"https:\/\/ramossilva.adv.br\/en","nextItem":{"@type":"ListItem","@id":"https:\/\/ramossilva.adv.br\/en\/caio-cesar-ferreira\/#listItem","name":"Caio C\u00e9sar Ferreira"}},{"@type":"ListItem","@id":"https:\/\/ramossilva.adv.br\/en\/caio-cesar-ferreira\/#listItem","position":2,"name":"Caio C\u00e9sar Ferreira","previousItem":{"@type":"ListItem","@id":"https:\/\/ramossilva.adv.br\/en#listItem","name":"Home"}}]},{"@type":"Organization","@id":"https:\/\/ramossilva.adv.br\/en\/#organization","name":"Ramos Silva Advocacia Empresarial","description":"Ramos Silva Advocacia Empresarial Jur\u00eddico estrat\u00e9gico para empresas em crescimento","url":"https:\/\/ramossilva.adv.br\/en\/","logo":{"@type":"ImageObject","url":"https:\/\/ramossilva.adv.br\/wp-content\/uploads\/2025\/10\/cropped-Logo-Ramos-Silva-Advogados-small.webp","@id":"https:\/\/ramossilva.adv.br\/en\/caio-cesar-ferreira\/#organizationLogo","width":250,"height":53},"image":{"@id":"https:\/\/ramossilva.adv.br\/en\/caio-cesar-ferreira\/#organizationLogo"}},{"@type":"WebPage","@id":"https:\/\/ramossilva.adv.br\/en\/caio-cesar-ferreira\/#webpage","url":"https:\/\/ramossilva.adv.br\/en\/caio-cesar-ferreira\/","name":"Caio C\u00e9sar Ferreira - Ramos Silva Advocacia Empresarial","description":"Perfil Profissional Caio C\u00e9sar Ferreira Advogado Caio C\u00e9sar Ferreira Advogado pelo Centro Universit\u00e1rio Una. Atuante nas \u00e1reas do Direito Civil, Empresarial, Tribut\u00e1rio e Trabalhista. Quem Somos Equipe Fale conosco","inLanguage":"en-US","isPartOf":{"@id":"https:\/\/ramossilva.adv.br\/en\/#website"},"breadcrumb":{"@id":"https:\/\/ramossilva.adv.br\/en\/caio-cesar-ferreira\/#breadcrumblist"},"datePublished":"2026-08-19T22:19:43-03:00","dateModified":"2026-08-19T22:24:50-03:00"},{"@type":"WebSite","@id":"https:\/\/ramossilva.adv.br\/en\/#website","url":"https:\/\/ramossilva.adv.br\/en\/","name":"Ramos Silva Advocacia Empresarial","description":"Ramos Silva Advocacia Empresarial Jur\u00eddico estrat\u00e9gico para empresas em crescimento","inLanguage":"en-US","publisher":{"@id":"https:\/\/ramossilva.adv.br\/en\/#organization"}}]},"og:locale":"en_US","og:site_name":"Ramos Silva Advocacia Empresarial - Ramos Silva Advocacia Empresarial Jur\u00eddico estrat\u00e9gico para empresas em crescimento","og:type":"article","og:title":"Caio C\u00e9sar Ferreira - Ramos Silva Advocacia Empresarial","og:description":"Perfil Profissional Caio C\u00e9sar Ferreira Advogado Caio C\u00e9sar Ferreira Advogado pelo Centro Universit\u00e1rio Una. Atuante nas \u00e1reas do Direito Civil, Empresarial, Tribut\u00e1rio e Trabalhista. Quem Somos Equipe Fale conosco","og:url":"https:\/\/ramossilva.adv.br\/en\/caio-cesar-ferreira\/","og:image":"https:\/\/ramossilva.adv.br\/wp-content\/uploads\/2025\/10\/cropped-Logo-Ramos-Silva-Advogados-small.webp","og:image:secure_url":"https:\/\/ramossilva.adv.br\/wp-content\/uploads\/2025\/10\/cropped-Logo-Ramos-Silva-Advogados-small.webp","article:published_time":"2026-08-20T01:19:43+00:00","article:modified_time":"2026-08-20T01:24:50+00:00","twitter:card":"summary_large_image","twitter:title":"Caio C\u00e9sar Ferreira - Ramos Silva Advocacia Empresarial","twitter:description":"Perfil Profissional Caio C\u00e9sar Ferreira Advogado Caio C\u00e9sar Ferreira Advogado pelo Centro Universit\u00e1rio Una. Atuante nas \u00e1reas do Direito Civil, Empresarial, Tribut\u00e1rio e Trabalhista. Quem Somos Equipe Fale conosco","twitter:image":"https:\/\/ramossilva.adv.br\/wp-content\/uploads\/2025\/10\/cropped-Logo-Ramos-Silva-Advogados-small.webp"},"aioseo_meta_data":{"post_id":"12417","title":null,"description":null,"keywords":null,"keyphrases":{"focus":[],"additional":[]},"primary_term":null,"canonical_url":null,"og_title":null,"og_description":null,"og_object_type":"default","og_image_type":"default","og_image_url":null,"og_image_width":null,"og_image_height":null,"og_image_custom_url":null,"og_image_custom_fields":null,"og_video":null,"og_custom_url":null,"og_article_section":null,"og_article_tags":null,"twitter_use_og":false,"twitter_card":"default","twitter_image_type":"default","twitter_image_url":null,"twitter_image_custom_url":null,"twitter_image_custom_fields":null,"twitter_title":null,"twitter_description":null,"schema":{"blockGraphs":[],"customGraphs":[],"default":{"data":{"Article":[],"Course":[],"Dataset":[],"FAQPage":[],"Movie":[],"Person":[],"Product":[],"ProductReview":[],"Car":[],"Recipe":[],"Service":[],"SoftwareApplication":[],"WebPage":[]},"graphName":"","isEnabled":true},"graphs":[]},"schema_type":"default","schema_type_options":null,"pillar_content":false,"robots_default":true,"robots_noindex":false,"robots_noarchive":false,"robots_nosnippet":false,"robots_nofollow":false,"robots_noimageindex":false,"robots_noodp":false,"robots_notranslate":false,"robots_max_snippet":null,"robots_max_videopreview":null,"robots_max_imagepreview":"large","priority":null,"frequency":null,"local_seo":null,"breadcrumb_settings":null,"limit_modified_date":false,"ai":null,"created":"2026-08-20 01:18:52","updated":"2026-08-21 05:00:03","seo_analyzer_scan_date":null,"focus_keyword":null,"additional_keywords":null,"truseo_locale":null},"aioseo_breadcrumb":"<div class=\"aioseo-breadcrumbs\"><span class=\"aioseo-breadcrumb\">\n\t\t\t<a href=\"https:\/\/ramossilva.adv.br\/en\" title=\"Home\">Home<\/a>\n\t\t<\/span><span class=\"aioseo-breadcrumb-separator\">&raquo;<\/span><span class=\"aioseo-breadcrumb\">\n\t\t\tCaio C\u00e9sar Ferreira\n\t\t<\/span><\/div>","aioseo_breadcrumb_json":[{"label":"Home","link":"https:\/\/ramossilva.adv.br\/en"},{"label":"Caio C\u00e9sar Ferreira","link":"https:\/\/ramossilva.adv.br\/en\/caio-cesar-ferreira\/"}],"_links":{"self":[{"href":"https:\/\/ramossilva.adv.br\/en\/wp-json\/wp\/v2\/pages\/12417","targetHints":{"allow":["GET"]}}],"collection":[{"href":"https:\/\/ramossilva.adv.br\/en\/wp-json\/wp\/v2\/pages"}],"about":[{"href":"https:\/\/ramossilva.adv.br\/en\/wp-json\/wp\/v2\/types\/page"}],"author":[{"embeddable":true,"href":"https:\/\/ramossilva.adv.br\/en\/wp-json\/wp\/v2\/users\/1"}],"replies":[{"embeddable":true,"href":"https:\/\/ramossilva.adv.br\/en\/wp-json\/wp\/v2\/comments?post=12417"}],"version-history":[{"count":7,"href":"https:\/\/ramossilva.adv.br\/en\/wp-json\/wp\/v2\/pages\/12417\/revisions"}],"predecessor-version":[{"id":12431,"href":"https:\/\/ramossilva.adv.br\/en\/wp-json\/wp\/v2\/pages\/12417\/revisions\/12431"}],"wp:attachment":[{"href":"https:\/\/ramossilva.adv.br\/en\/wp-json\/wp\/v2\/media?parent=12417"}],"curies":[{"name":"wp","href":"https:\/\/api.w.org\/{rel}","templated":true}]}}